{"id":21811,"date":"2020-02-04T15:21:30","date_gmt":"2020-02-04T15:21:30","guid":{"rendered":"http:\/\/www.adcor.org\/?page_id=21811"},"modified":"2023-01-12T14:23:07","modified_gmt":"2023-01-12T14:23:07","slug":"proteccion-de-datos-2","status":"publish","type":"page","link":"https:\/\/www.adcor.org\/gl\/proteccion-de-datos-2\/","title":{"rendered":"Protecci\u00f3n de datos"},"content":{"rendered":"<p>[vc_row css_animation=&#8221;&#8221; row_type=&#8221;row&#8221; use_row_as_full_screen_section=&#8221;no&#8221; type=&#8221;full_width&#8221; angled_section=&#8221;no&#8221; text_align=&#8221;left&#8221; background_image_as_pattern=&#8221;without_pattern&#8221;][vc_column][vc_empty_space][vc_column_text][vc_row css_animation=&#8221;&#8221; row_type=&#8221;row&#8221; use_row_as_full_screen_section=&#8221;no&#8221; type=&#8221;full_width&#8221; angled_section=&#8221;no&#8221; text_align=&#8221;left&#8221; background_image_as_pattern=&#8221;without_pattern&#8221;][vc_column][vc_empty_space][vc_column_text]<\/p>\n<h3><strong>INFORMACI\u00d3N ADICIONAL SOBRE PROTECCI\u00d3N DE DATOS<\/strong><\/h3>\n<h3><\/h3>\n<p>Dacordo cos principios de licitude e lealdade no tratamento de datos de car\u00e1cter persoal establecidos no Regalemento Xeral Europeo de Protecci\u00f3n de Datos 2016\/679 e a Ley Org\u00e1nica 3\/2018 de Protecci\u00f3n de Datos de Car\u00e1cter Persoal e Garant\u00eda de Dereitos Dixitais, informamos aos usuarios e visitantes sobre a nosa pol\u00edtica de protecci\u00f3n de datos e visitantes sobre a nosa pol\u00edtica de protecci\u00f3n de datos persoais.<\/p>\n<p>&nbsp;<\/p>\n<p><strong>\u00bfQU\u00c9N \u00c9 O RESPONSABEL DO TRATAMENTO?<\/strong><\/p>\n<h3><\/h3>\n<p>Identidade: FUNDACI\u00d3N\u00a0 ADCOR<br \/>\nDirecci\u00f3n: Estrada dos Fortes 14, 15011, A Coru\u00f1a<br \/>\nTel\u00e9fono: 981 217057<br \/>\nCorreo electr\u00f3nico:\u00a0\u00a0<a style=\"color: #cc8b3f;\" href=\"mailto: fundaci\u00f3n@adcor.org\">fundaci\u00f3n@adcor.org<\/a><br \/>\nDelegado de Protecci\u00f3n de Datos: At Data Protection, S.L.P<br \/>\nContacto DPO: <a style=\"color: #cc8b3f;\" href=\"mailto: pd@atdata.es\">dpd@atdata.es<\/a><\/p>\n<p>&nbsp;<\/p>\n<p><strong>FINALIDADES DOS TRATAMENTOS DE DATOS<\/strong><\/p>\n<h3><\/h3>\n<p>Recopilamos diversos datos de car\u00e1cter persoal para distintos tratamentos, cada un deles con \u00a0finalidades concretas.<\/p>\n<p style=\"padding-left: 30px;\">\u2022 Os datos recolidos \u00a0mediante o enlace de contacto que figura na nosa web na secci\u00f3n co mesmo nome, tr\u00e1tanse coa finalidade de atender \u00e1 s\u00faa consulta.<\/p>\n<p style=\"padding-left: 30px;\">\u2022 Os datos recollidos a trav\u00e9s das cookies tr\u00e1tanse conforme \u00e1 informaci\u00f3n contida na nosa pol\u00edtica de cookies e que pode consultar <span style=\"color: #cc8b3f;\"><a style=\"color: #cc8b3f;\" href=\"https:\/\/www.adcor.org\/gl\/politica-de-cookies\/\">aqu\u00ed. <\/a><\/span>Esta p\u00e1xina web usa cookies exentas de consentimento.<\/p>\n<p style=\"padding-left: 30px;\">\u2022 Cando intercambiamos correos electr\u00f3nicos, os datos que se poidan incluir nos mesmos, incluso en arquivos adxuntos, incorp\u00f3ranse no seu caso a tratamentos de datos coa finalidade de atender as solicitudes relacionadas coa consulta ou petici\u00f3n realizada e no seu caso incorp\u00f3ranse \u00e1 s\u00faa ficha de cliente.\u00a0 A informaci\u00f3n intercambiada \u00e9 \u00a0confidencial e non pode ser revelada a personas non autorizadas.<\/p>\n<p style=\"padding-left: 30px;\">\u2022 Tratamos os teus datos de contacto cando te suscribes ao bolet\u00edn para levar a cabo env\u00edos de informaci\u00f3n sobre as nosas actividades e servizos.<\/p>\n<p>&nbsp;<\/p>\n<p><strong>USO DE COOKIES NA WEB<\/strong><\/p>\n<h3><\/h3>\n<p>Usamos as cookies imprescindibels para poder optimizar o servizo da web. Si queres saber m\u00e1is sobre as cookies pincha <span style=\"color: #cc8b3f;\"><a style=\"color: #cc8b3f;\" href=\"https:\/\/www.adcor.org\/gl\/politica-de-cookies\/\">aqu\u00ed. <\/a><\/span>Tam\u00e9n usamos cookies de terceiros para facer anal\u00edticas de uso da web ou nalg\u00fans casos para poder enlazar a servizos de terceiros precisos para prestar o servizo.<\/p>\n<p>&nbsp;<\/p>\n<p><strong>CAL \u00c9 A LEXITIMACI\u00d3N PARA O TRATAMENTO DOS SEUS DATOS?<\/strong><\/p>\n<h3><\/h3>\n<p><strong>Tratamentos de datos basados NO consentimento do interesado<\/strong><\/p>\n<p>No caso do tratamento de datos a trav\u00e9s do formulario de contacto, suscripci\u00f3n ao bolet\u00edn de noticias ou as posibles cookies de terceiros que puidese haber nalg\u00fan momento na p\u00e1xina web.<\/p>\n<p>&nbsp;<\/p>\n<p><strong>Tratamentos de datos basados no inter\u00e9s lex\u00edtimo do responsabel do tratamento<\/strong><\/p>\n<p>No caso dos datos tratados a trav\u00e9s de correo electr\u00f3nico ou de cookies de car\u00e1cter t\u00e9cnico, a lexitimaci\u00f3n b\u00e1sase no inter\u00e9s lex\u00edtimo do Responsabel do \u00a0Tratamento.<\/p>\n<p>&nbsp;<\/p>\n<p><strong>\u00bfPOR C\u00c1NTO TEMPO SE CONSERVAN SEUS DATOS?<\/strong><\/p>\n<h3><\/h3>\n<p>Os datos recollidos a trav\u00e9s do enlace de contacto non se conservar\u00e1n durante m\u00e1is de doce meses salvo que sexa imprescindibel para garantir a prestaci\u00f3n dun servizo ou solicitude.<\/p>\n<p>&nbsp;<\/p>\n<p>Os datos intercambiados a trav\u00e9s do correo electr\u00f3nico conservar\u00e1nse alo menos 2 anos. Unha vez pasado ese plazo ser\u00e1n destruidos.<\/p>\n<p>&nbsp;<\/p>\n<p>Os datos recopilados polas cookies conservar\u00e1nse por per\u00edodos que se especifican na pol\u00edtica de cookies.<\/p>\n<p>&nbsp;<\/p>\n<p>Os datos empregados para levar a cabo os env\u00edos de bolet\u00edns conservar\u00e1nse unha vez solicitada a Baixa por parte do usuario ate ser suprimidos toda vez transcurran os plazos legais nos que se puidese exixir responsabilidade \u00e1 Fundaci\u00f3n Adcor.<\/p>\n<p>&nbsp;<\/p>\n<p><strong>\u00bfA QU\u00c9 SE COMUNICAN OS SEUS DATOS?<\/strong><\/p>\n<h3><\/h3>\n<p>Podemos compartir datos con terceros que nos axudan a prestar os servizos que solicitas, por exemplo, empresas de software na nube que proven formularios ou correo electr\u00f3nico.<\/p>\n<p>&nbsp;<\/p>\n<p>No caso de prestadores de servizos con acceso a datos de car\u00e1cter persoal como encargados do tratamento, as relaci\u00f3n reg\u00falanse conforme a contratos baseados en cl\u00e1usulas tipo adecuadas ao<\/p>\n<p>RGPD 2016\/679.<\/p>\n<p>&nbsp;<\/p>\n<p>Tam\u00e9n traballamos con consultoras e servizos de asesoramento que poden chegar a ter acceso \u00e1 informaci\u00f3n, principalmente de car\u00e1cter contabel e fiscal.<\/p>\n<p>&nbsp;<\/p>\n<p>Tam\u00e9n podemos comunicar os teus datos a terceros naqueles supostos que est\u00e1n previstos legalmente, como por exemplo no caso das Administraci\u00f3ns P\u00fablicas que act\u00faan no exercizo das s\u00faas competencias.<\/p>\n<h3 style=\"text-align: left;\"><\/h3>\n<p>&nbsp;<\/p>\n<p><strong>TRANSFERENCIAS INTERNACIONAIS DE DATOS<\/strong><\/p>\n<h3><\/h3>\n<p>Non se levan a cabo transferencias internacionais de datos fora do espazo da UE.<\/p>\n<p>&nbsp;<\/p>\n<p><strong>DEREITOS DO INTERESADO FRONTE AO RESPONSABEL DO TRATAMENTO<\/strong><\/p>\n<h3><\/h3>\n<p>o titular dos datos ten dereito a:<\/p>\n<ul>\n<li>Acceder aos seus datos<\/li>\n<li>Rectificar os seus datos<\/li>\n<li>Suprimir os seus datos<\/li>\n<\/ul>\n<p>Nalg\u00fans casos e de conformidade co establecido en cada caso, tam\u00e9n poder\u00e1:<\/p>\n<ul>\n<li>Portar os seus datos a outro Responsabel<\/li>\n<li>Oporse a todo ou parte do tratamento<\/li>\n<li>Limitar o uso dos seus datos personais<\/li>\n<\/ul>\n<p>O interesado poder\u00e1 en calquera momento retirar o consentimiento que prestara para levar a cabo un tratamento de datos.<\/p>\n<p>&nbsp;<\/p>\n<p>O interesado pode contactar co Delegado de Protecci\u00f3n de Datos na direcci\u00f3n que figura enriba no caso de querer ampliar calquera tipo de informaci\u00f3n ou realizar unha consulta, incluso se cr\u00e9 que require da s\u00faa intervenci\u00f3n no caso de non estar satisfeito co xeito con que se tratan os seus datos.<\/p>\n<p>&nbsp;<\/p>\n<p>No caso de non satisfacer os seus dereitos, pode solicitar a tutela ou presentar reclamaci\u00f3n ante a Axencia Espa\u00f1ola de Protecci\u00f3n de Datos en r\u00faa Jorge Juan 6, 28001, Madrid.<\/p>\n<p>&nbsp;<\/p>\n<p><strong>AUSENCIA DE PROCESOS DE DECISI\u00d3N AUTOMATIZADA<\/strong><\/p>\n<p>Os \u00a0datos obxeto de tratamento non se someten a procesos de decisi\u00f3n automatizada.<\/p>\n<p>&nbsp;<\/p>\n<p><strong>MEDIDAS DE SEGURIDADE<\/strong><\/p>\n<p>Fundaci\u00f3n Adcor, adoptou medidas de seguridade de car\u00e1cter organizativo e t\u00e9cnico axeitadas para que os tratamentos de datos se leven a cabo con toda-las medidas de seguridade e garant\u00edas para o interesado.<\/p>\n<p>&nbsp;<\/p>\n<p><strong>ACTUALIZACI\u00d3N DA POL\u00cdTICA DE PROTECCI\u00d3N DE DATOS<\/strong><\/p>\n<p>Fundaci\u00f3n Adcor se reserva o dereito de actualizar a presente pol\u00edtica de privacidade, informando en caso de ser preciso aos interesados dos cambios na mesma.[\/vc_column_text][vc_empty_space][\/vc_column][\/vc_row][vc_row css_animation=&#8221;&#8221; row_type=&#8221;row&#8221; use_row_as_full_screen_section=&#8221;no&#8221; type=&#8221;full_width&#8221; angled_section=&#8221;no&#8221; text_align=&#8221;left&#8221; background_image_as_pattern=&#8221;without_pattern&#8221;][vc_column][vc_column_text][\/vc_column_text][vc_empty_space][\/vc_column][\/vc_row][vc_row css_animation=&#8221;&#8221; row_type=&#8221;row&#8221; use_row_as_full_screen_section=&#8221;no&#8221; type=&#8221;full_width&#8221; angled_section=&#8221;no&#8221; text_align=&#8221;left&#8221; background_image_as_pattern=&#8221;without_pattern&#8221;][vc_column][vc_column_text][\/vc_column_text][vc_empty_space][\/vc_column][\/vc_row]<\/p>","protected":false},"excerpt":{"rendered":"<p>[vc_row css_animation=&#8221;&#8221; row_type=&#8221;row&#8221; use_row_as_full_screen_section=&#8221;no&#8221; type=&#8221;full_width&#8221; angled_section=&#8221;no&#8221; text_align=&#8221;left&#8221; background_image_as_pattern=&#8221;without_pattern&#8221;][vc_column][vc_empty_space][vc_column_text][vc_row css_animation=&#8221;&#8221; row_type=&#8221;row&#8221; use_row_as_full_screen_section=&#8221;no&#8221; type=&#8221;full_width&#8221; angled_section=&#8221;no&#8221; text_align=&#8221;left&#8221; background_image_as_pattern=&#8221;without_pattern&#8221;][vc_column][vc_empty_space][vc_column_text] INFORMACI\u00d3N ADICIONAL SOBRE PROTECCI\u00d3N DE DATOS Dacordo cos principios de licitude e lealdade no tratamento de datos de car\u00e1cter persoal establecidos no Regalemento Xeral Europeo de Protecci\u00f3n de Datos 2016\/679&#8230;<\/p>\n","protected":false},"author":2,"featured_media":0,"parent":0,"menu_order":0,"comment_status":"closed","ping_status":"closed","template":"","meta":{"_monsterinsights_skip_tracking":false,"_monsterinsights_sitenote_active":false,"_monsterinsights_sitenote_note":"","_monsterinsights_sitenote_category":0},"yoast_head":"<!-- This site is optimized with the Yoast SEO plugin v18.0 - https:\/\/yoast.com\/wordpress\/plugins\/seo\/ -->\n<meta name=\"robots\" content=\"index, follow, max-snippet:-1, max-image-preview:large, max-video-preview:-1\" \/>\n<link rel=\"canonical\" href=\"https:\/\/www.adcor.org\/proteccion-de-datos-2\/\" \/>\n<meta property=\"og:locale\" content=\"gl_ES\" \/>\n<meta property=\"og:type\" content=\"article\" \/>\n<meta property=\"og:title\" content=\"Protecci\u00f3n de datos - ADCOR\" \/>\n<meta property=\"og:description\" content=\"[vc_row css_animation=&#8221;&#8221; row_type=&#8221;row&#8221; use_row_as_full_screen_section=&#8221;no&#8221; type=&#8221;full_width&#8221; angled_section=&#8221;no&#8221; text_align=&#8221;left&#8221; background_image_as_pattern=&#8221;without_pattern&#8221;][vc_column][vc_empty_space][vc_column_text][vc_row css_animation=&#8221;&#8221; row_type=&#8221;row&#8221; use_row_as_full_screen_section=&#8221;no&#8221; type=&#8221;full_width&#8221; angled_section=&#8221;no&#8221; text_align=&#8221;left&#8221; background_image_as_pattern=&#8221;without_pattern&#8221;][vc_column][vc_empty_space][vc_column_text] INFORMACI\u00d3N ADICIONAL SOBRE PROTECCI\u00d3N DE DATOS Dacordo cos principios de licitude e lealdade no tratamento de datos de car\u00e1cter persoal establecidos no Regalemento Xeral Europeo de Protecci\u00f3n de Datos 2016\/679...\" \/>\n<meta property=\"og:url\" content=\"https:\/\/www.adcor.org\/proteccion-de-datos-2\/\" \/>\n<meta property=\"og:site_name\" content=\"ADCOR\" \/>\n<meta property=\"article:modified_time\" content=\"2023-01-12T14:23:07+00:00\" \/>\n<meta name=\"twitter:card\" content=\"summary_large_image\" \/>\n<meta name=\"twitter:label1\" content=\"Tempo de lectura\" \/>\n\t<meta name=\"twitter:data1\" content=\"12 minutos\" \/>\n<script type=\"application\/ld+json\" class=\"yoast-schema-graph\">{\"@context\":\"https:\/\/schema.org\",\"@graph\":[{\"@type\":\"WebSite\",\"@id\":\"https:\/\/www.adcor.org\/#website\",\"url\":\"https:\/\/www.adcor.org\/\",\"name\":\"ADCOR\",\"description\":\"Fundaci\u00f3n ADCOR\",\"potentialAction\":[{\"@type\":\"SearchAction\",\"target\":{\"@type\":\"EntryPoint\",\"urlTemplate\":\"https:\/\/www.adcor.org\/?s={search_term_string}\"},\"query-input\":\"required name=search_term_string\"}],\"inLanguage\":\"gl-ES\"},{\"@type\":\"WebPage\",\"@id\":\"https:\/\/www.adcor.org\/proteccion-de-datos-2\/#webpage\",\"url\":\"https:\/\/www.adcor.org\/proteccion-de-datos-2\/\",\"name\":\"Protecci\u00f3n de datos - ADCOR\",\"isPartOf\":{\"@id\":\"https:\/\/www.adcor.org\/#website\"},\"datePublished\":\"2020-02-04T15:21:30+00:00\",\"dateModified\":\"2023-01-12T14:23:07+00:00\",\"breadcrumb\":{\"@id\":\"https:\/\/www.adcor.org\/proteccion-de-datos-2\/#breadcrumb\"},\"inLanguage\":\"gl-ES\",\"potentialAction\":[{\"@type\":\"ReadAction\",\"target\":[\"https:\/\/www.adcor.org\/proteccion-de-datos-2\/\"]}]},{\"@type\":\"BreadcrumbList\",\"@id\":\"https:\/\/www.adcor.org\/proteccion-de-datos-2\/#breadcrumb\",\"itemListElement\":[{\"@type\":\"ListItem\",\"position\":1,\"name\":\"Portada\",\"item\":\"https:\/\/www.adcor.org\/\"},{\"@type\":\"ListItem\",\"position\":2,\"name\":\"Protecci\u00f3n de datos\"}]}]}<\/script>\n<!-- \/ Yoast SEO plugin. -->","yoast_head_json":{"robots":{"index":"index","follow":"follow","max-snippet":"max-snippet:-1","max-image-preview":"max-image-preview:large","max-video-preview":"max-video-preview:-1"},"canonical":"https:\/\/www.adcor.org\/proteccion-de-datos-2\/","og_locale":"gl_ES","og_type":"article","og_title":"Protecci\u00f3n de datos - ADCOR","og_description":"[vc_row css_animation=&#8221;&#8221; row_type=&#8221;row&#8221; use_row_as_full_screen_section=&#8221;no&#8221; type=&#8221;full_width&#8221; angled_section=&#8221;no&#8221; text_align=&#8221;left&#8221; background_image_as_pattern=&#8221;without_pattern&#8221;][vc_column][vc_empty_space][vc_column_text][vc_row css_animation=&#8221;&#8221; row_type=&#8221;row&#8221; use_row_as_full_screen_section=&#8221;no&#8221; type=&#8221;full_width&#8221; angled_section=&#8221;no&#8221; text_align=&#8221;left&#8221; background_image_as_pattern=&#8221;without_pattern&#8221;][vc_column][vc_empty_space][vc_column_text] INFORMACI\u00d3N ADICIONAL SOBRE PROTECCI\u00d3N DE DATOS Dacordo cos principios de licitude e lealdade no tratamento de datos de car\u00e1cter persoal establecidos no Regalemento Xeral Europeo de Protecci\u00f3n de Datos 2016\/679...","og_url":"https:\/\/www.adcor.org\/proteccion-de-datos-2\/","og_site_name":"ADCOR","article_modified_time":"2023-01-12T14:23:07+00:00","twitter_card":"summary_large_image","twitter_misc":{"Tempo de lectura":"12 minutos"},"schema":{"@context":"https:\/\/schema.org","@graph":[{"@type":"WebSite","@id":"https:\/\/www.adcor.org\/#website","url":"https:\/\/www.adcor.org\/","name":"ADCOR","description":"Fundaci\u00f3n ADCOR","potentialAction":[{"@type":"SearchAction","target":{"@type":"EntryPoint","urlTemplate":"https:\/\/www.adcor.org\/?s={search_term_string}"},"query-input":"required name=search_term_string"}],"inLanguage":"gl-ES"},{"@type":"WebPage","@id":"https:\/\/www.adcor.org\/proteccion-de-datos-2\/#webpage","url":"https:\/\/www.adcor.org\/proteccion-de-datos-2\/","name":"Protecci\u00f3n de datos - ADCOR","isPartOf":{"@id":"https:\/\/www.adcor.org\/#website"},"datePublished":"2020-02-04T15:21:30+00:00","dateModified":"2023-01-12T14:23:07+00:00","breadcrumb":{"@id":"https:\/\/www.adcor.org\/proteccion-de-datos-2\/#breadcrumb"},"inLanguage":"gl-ES","potentialAction":[{"@type":"ReadAction","target":["https:\/\/www.adcor.org\/proteccion-de-datos-2\/"]}]},{"@type":"BreadcrumbList","@id":"https:\/\/www.adcor.org\/proteccion-de-datos-2\/#breadcrumb","itemListElement":[{"@type":"ListItem","position":1,"name":"Portada","item":"https:\/\/www.adcor.org\/"},{"@type":"ListItem","position":2,"name":"Protecci\u00f3n de datos"}]}]}},"_links":{"self":[{"href":"https:\/\/www.adcor.org\/gl\/wp-json\/wp\/v2\/pages\/21811"}],"collection":[{"href":"https:\/\/www.adcor.org\/gl\/wp-json\/wp\/v2\/pages"}],"about":[{"href":"https:\/\/www.adcor.org\/gl\/wp-json\/wp\/v2\/types\/page"}],"author":[{"embeddable":true,"href":"https:\/\/www.adcor.org\/gl\/wp-json\/wp\/v2\/users\/2"}],"replies":[{"embeddable":true,"href":"https:\/\/www.adcor.org\/gl\/wp-json\/wp\/v2\/comments?post=21811"}],"version-history":[{"count":7,"href":"https:\/\/www.adcor.org\/gl\/wp-json\/wp\/v2\/pages\/21811\/revisions"}],"predecessor-version":[{"id":22275,"href":"https:\/\/www.adcor.org\/gl\/wp-json\/wp\/v2\/pages\/21811\/revisions\/22275"}],"wp:attachment":[{"href":"https:\/\/www.adcor.org\/gl\/wp-json\/wp\/v2\/media?parent=21811"}],"curies":[{"name":"wp","href":"https:\/\/api.w.org\/{rel}","templated":true}]}}