{"id":21841,"date":"2020-07-06T09:12:51","date_gmt":"2020-07-06T09:12:51","guid":{"rendered":"http:\/\/www.adcor.org\/?page_id=21841"},"modified":"2021-07-12T08:21:55","modified_gmt":"2021-07-12T08:21:55","slug":"historia-de-la-entidad-2","status":"publish","type":"page","link":"https:\/\/www.adcor.org\/gl\/historia-de-la-entidad-2\/","title":{"rendered":"HISTORIA DA ENTIDADE"},"content":{"rendered":"<p>[vc_row css_animation=&#8221;&#8221; row_type=&#8221;row&#8221; use_row_as_full_screen_section=&#8221;no&#8221; type=&#8221;full_width&#8221; angled_section=&#8221;no&#8221; text_align=&#8221;left&#8221; background_image_as_pattern=&#8221;without_pattern&#8221;][vc_column][vc_empty_space height=&#8221;50px&#8221;][vc_row_inner row_type=&#8221;row&#8221; type=&#8221;grid&#8221; text_align=&#8221;left&#8221; css_animation=&#8221;&#8221;][vc_column_inner width=&#8221;1\/2&#8243;][vc_column_text]<\/p>\n<h2>HISTORIA DA ENTIDADE: Cronograma<\/h2>\n<p>[\/vc_column_text][vc_separator type=&#8221;transparent&#8221; up=&#8221;30&#8243; down=&#8221;0&#8243;][\/vc_column_inner][\/vc_row_inner][\/vc_column][\/vc_row][vc_row css_animation=&#8221;&#8221; row_type=&#8221;row&#8221; use_row_as_full_screen_section=&#8221;no&#8221; type=&#8221;grid&#8221; anchor=&#8221;portfolio&#8221; angled_section=&#8221;no&#8221; text_align=&#8221;left&#8221; background_image_as_pattern=&#8221;without_pattern&#8221; background_color=&#8221;#ffffff&#8221; padding_top=&#8221;40&#8243; padding_bottom=&#8221;0&#8243;][vc_column width=&#8221;1\/3&#8243; css=&#8221;.vc_custom_1475664018114{border-top-width: 10px !important;border-right-width: 10px !important;border-bottom-width: 10px !important;border-left-width: 10px !important;padding-bottom: 10px !important;background-color: #eaeaea !important;border-left-color: #ffffff !important;border-left-style: solid !important;border-right-color: #ffffff !important;border-right-style: solid !important;border-top-color: #ffffff !important;border-top-style: solid !important;border-bottom-color: #ffffff !important;border-bottom-style: solid !important;}&#8221; el_class=&#8221;transition-delay: 1s;&#8221;][vc_single_image image=&#8221;19266&#8243; img_size=&#8221;full&#8221; alignment=&#8221;center&#8221; qode_css_animation=&#8221;element_from_fade&#8221; transition_delay=&#8221;0.4&#8243; css=&#8221;.vc_custom_1473845653307{padding-top: 20px !important;padding-bottom: 50px !important;}&#8221;][vc_column_text]<\/p>\n<h1><strong><span class=\"alignnone\" style=\"color: #cc8b3f;\"><img decoding=\"async\" class=\"alignnone wp-image-18966\" src=\"https:\/\/www.adcor.org\/wp-content\/uploads\/comillas-naranja21.png\" alt=\"comillas naranja21\" width=\"35\" height=\"35\" \/>\u00a01996<\/span><\/strong><\/h1>\n<p>[\/vc_column_text][vc_column_text css=&#8221;.vc_custom_1626076749635{margin-left: 50px !important;padding-right: 50px !important;}&#8221;]<\/p>\n<p class=\"p1\" style=\"text-align: left;\">O 12 de febreiro de 1996 as\u00ednase a Carta Fundacional e os Estatutos da Fundaci\u00f3n ADCOR. Constit\u00faese o primeiro padroado.<\/p>\n<p>[\/vc_column_text][vc_separator type=&#8221;transparent&#8221; up=&#8221;10&#8243; down=&#8221;0&#8243;][\/vc_column][vc_column width=&#8221;1\/3&#8243; css=&#8221;.vc_custom_1475664031742{border-top-width: 10px !important;border-right-width: 10px !important;border-bottom-width: 10px !important;border-left-width: 10px !important;background-color: #eaeaea !important;border-left-color: #ffffff !important;border-left-style: solid !important;border-right-color: #ffffff !important;border-right-style: solid !important;border-top-color: #ffffff !important;border-top-style: solid !important;border-bottom-color: #ffffff !important;border-bottom-style: solid !important;}&#8221;][vc_separator type=&#8221;transparent&#8221; up=&#8221;20&#8243; down=&#8221;0&#8243;][vc_column_text]<\/p>\n<h1><strong><span style=\"color: #cc8b3f;\"><img decoding=\"async\" class=\"alignnone wp-image-18966\" src=\"https:\/\/www.adcor.org\/wp-content\/uploads\/comillas-naranja21.png\" alt=\"\" width=\"35\" height=\"35\" \/>\u00a0<\/span><\/strong><strong><span style=\"color: #cc8b3f;\">1997<\/span><\/strong><\/h1>\n<p>[\/vc_column_text][vc_column_text css=&#8221;.vc_custom_1626076758428{margin-left: 50px !important;padding-right: 50px !important;}&#8221;]<\/p>\n<p style=\"text-align: left;\">A Fundaci\u00f3n \u00e9 cualificada como ben\u00e9fico asistencial pola Conseller\u00eda da Presidencia e Aministraci\u00f3n P\u00fablica da Xunta de Galicia.<\/p>\n<p>[\/vc_column_text][vc_single_image image=&#8221;18983&#8243; img_size=&#8221;full&#8221; alignment=&#8221;center&#8221; qode_css_animation=&#8221;element_from_fade&#8221; transition_delay=&#8221;0.4&#8243; css=&#8221;.vc_custom_1474469080189{padding-top: 20px !important;padding-bottom: 20px !important;}&#8221;][\/vc_column][vc_column width=&#8221;1\/3&#8243; css=&#8221;.vc_custom_1475664044063{border-top-width: 10px !important;border-right-width: 10px !important;border-bottom-width: 10px !important;border-left-width: 10px !important;padding-bottom: 10px !important;background-color: #eaeaea !important;border-left-color: #ffffff !important;border-left-style: solid !important;border-right-color: #ffffff !important;border-right-style: solid !important;border-top-color: #ffffff !important;border-top-style: solid !important;border-bottom-color: #ffffff !important;border-bottom-style: solid !important;}&#8221;][vc_single_image image=&#8221;19007&#8243; img_size=&#8221;full&#8221; alignment=&#8221;center&#8221; qode_css_animation=&#8221;element_from_fade&#8221; transition_delay=&#8221;0.4&#8243; css=&#8221;.vc_custom_1473845661626{padding-top: 20px !important;padding-bottom: 50px !important;}&#8221;][vc_column_text]<\/p>\n<h1><strong><span class=\"alignnone\" style=\"color: #cc8b3f;\"><img decoding=\"async\" class=\"alignnone wp-image-18966\" src=\"https:\/\/www.adcor.org\/wp-content\/uploads\/comillas-naranja21.png\" alt=\"comillas naranja21\" width=\"35\" height=\"35\" \/>\u00a01998<\/span><\/strong><\/h1>\n<p>[\/vc_column_text][vc_column_text css=&#8221;.vc_custom_1626076767912{margin-left: 50px !important;padding-right: 50px !important;}&#8221;]<\/p>\n<p style=\"text-align: left;\">Participaci\u00f3n no Proxecto INLAMI, (Iniciativa de Emprego Horizon II da Uni\u00f3n Europea) do Concello da Coru\u00f1a.<\/p>\n<p>[\/vc_column_text][vc_separator type=&#8221;transparent&#8221; up=&#8221;10&#8243; down=&#8221;0&#8243;][\/vc_column][\/vc_row][vc_row css_animation=&#8221;&#8221; row_type=&#8221;row&#8221; use_row_as_full_screen_section=&#8221;no&#8221; type=&#8221;grid&#8221; anchor=&#8221;portfolio&#8221; angled_section=&#8221;no&#8221; text_align=&#8221;left&#8221; background_image_as_pattern=&#8221;without_pattern&#8221; background_color=&#8221;#ffffff&#8221; padding_top=&#8221;20&#8243; padding_bottom=&#8221;0&#8243;][vc_column width=&#8221;1\/3&#8243; css=&#8221;.vc_custom_1475664061359{border-top-width: 10px !important;border-right-width: 10px !important;border-bottom-width: 10px !important;border-left-width: 10px !important;background-color: #eaeaea !important;border-left-color: #ffffff !important;border-left-style: solid !important;border-right-color: #ffffff !important;border-right-style: solid !important;border-top-color: #ffffff !important;border-top-style: solid !important;border-bottom-color: #ffffff !important;border-bottom-style: solid !important;}&#8221;][vc_single_image image=&#8221;19008&#8243; img_size=&#8221;full&#8221; alignment=&#8221;center&#8221; qode_css_animation=&#8221;element_from_fade&#8221; transition_delay=&#8221;0.4&#8243; css=&#8221;.vc_custom_1473845765471{padding-top: 20px !important;padding-bottom: 50px !important;}&#8221;][vc_column_text]<\/p>\n<h1><strong><span style=\"color: #cc8b3f;\"><img decoding=\"async\" class=\"alignnone wp-image-18966\" src=\"https:\/\/www.adcor.org\/wp-content\/uploads\/comillas-naranja21.png\" alt=\"comillas naranja21\" width=\"35\" height=\"35\" \/>\u00a02000<\/span><\/strong><\/h1>\n<p>[\/vc_column_text][vc_column_text css=&#8221;.vc_custom_1626076782578{margin-left: 50px !important;padding-right: 50px !important;}&#8221;]<\/p>\n<p style=\"text-align: left;\">Posta en marcha do Centro Especial de Emprego Dislabora Coru\u00f1a e apertura tenda dCuero.<\/p>\n<p>&nbsp;<\/p>\n<p style=\"text-align: left;\">Creaci\u00f3n do Centro de D\u00eda na cuarta planta do Centro C\u00edvico de Monte Alto.<\/p>\n<p>&nbsp;<\/p>\n<p style=\"text-align: left;\">Apertura do Centro Ocupacional de E. Dequidt.<\/p>\n<p>[\/vc_column_text][vc_separator type=&#8221;transparent&#8221; up=&#8221;10&#8243; down=&#8221;0&#8243;][\/vc_column][vc_column width=&#8221;1\/3&#8243; css=&#8221;.vc_custom_1475664074549{border-top-width: 10px !important;border-right-width: 10px !important;border-bottom-width: 10px !important;border-left-width: 10px !important;background-color: #eaeaea !important;border-left-color: #ffffff !important;border-left-style: solid !important;border-right-color: #ffffff !important;border-right-style: solid !important;border-top-color: #ffffff !important;border-top-style: solid !important;border-bottom-color: #ffffff !important;border-bottom-style: solid !important;}&#8221;][vc_separator type=&#8221;transparent&#8221; up=&#8221;20&#8243; down=&#8221;0&#8243;][vc_column_text]<\/p>\n<h1><strong><span class=\"alignnone\" style=\"color: #cc8b3f;\"><img decoding=\"async\" class=\"alignnone wp-image-18966\" src=\"https:\/\/www.adcor.org\/wp-content\/uploads\/comillas-naranja21.png\" alt=\"comillas naranja21\" width=\"35\" height=\"35\" \/>\u00a02004<\/span><\/strong><\/h1>\n<p>[\/vc_column_text][vc_column_text css=&#8221;.vc_custom_1626076801895{margin-left: 50px !important;padding-right: 50px !important;}&#8221;]Apertura do Centro Ocupacional dos Rosales.<\/p>\n<p>&nbsp;<\/p>\n<p>Posta en marcha do Servizo de Vivenda a trav\u00e9s da posta en marcha de dous pisos tutelados.<\/p>\n<p>&nbsp;<\/p>\n<p style=\"text-align: left;\">Inicio funcionamento do Servizo de Lecer.<\/p>\n<p>[\/vc_column_text][vc_single_image image=&#8221;19009&#8243; img_size=&#8221;full&#8221; alignment=&#8221;center&#8221; qode_css_animation=&#8221;element_from_fade&#8221; transition_delay=&#8221;0.4&#8243; css=&#8221;.vc_custom_1474535911344{padding-top: 65px !important;padding-bottom: 20px !important;}&#8221;][\/vc_column][vc_column width=&#8221;1\/3&#8243; css=&#8221;.vc_custom_1475664087973{border-top-width: 10px !important;border-right-width: 10px !important;border-bottom-width: 10px !important;border-left-width: 10px !important;padding-bottom: 210px !important;background-color: #eaeaea !important;border-left-color: #ffffff !important;border-left-style: solid !important;border-right-color: #ffffff !important;border-right-style: solid !important;border-top-color: #ffffff !important;border-top-style: solid !important;border-bottom-color: #ffffff !important;border-bottom-style: solid !important;}&#8221;][vc_single_image image=&#8221;19010&#8243; img_size=&#8221;full&#8221; alignment=&#8221;center&#8221; qode_css_animation=&#8221;element_from_fade&#8221; transition_delay=&#8221;0.4&#8243; css=&#8221;.vc_custom_1473845774402{padding-top: 20px !important;padding-bottom: 50px !important;}&#8221;][vc_column_text]<\/p>\n<h1><strong><span style=\"color: #cc8b3f;\"><img decoding=\"async\" class=\"alignnone wp-image-18966\" src=\"https:\/\/www.adcor.org\/wp-content\/uploads\/comillas-naranja21.png\" alt=\"comillas naranja21\" width=\"35\" height=\"35\" \/>\u00a02007<\/span><\/strong><\/h1>\n<p>[\/vc_column_text][vc_column_text css=&#8221;.vc_custom_1626076819560{margin-left: 50px !important;padding-right: 50px !important;}&#8221;]<\/p>\n<p style=\"text-align: left;\">Certificaci\u00f3n de centros e servizos na ISO 9001.<\/p>\n<p>[\/vc_column_text][vc_separator type=&#8221;transparent&#8221; up=&#8221;10&#8243; down=&#8221;0&#8243;][\/vc_column][\/vc_row][vc_row css_animation=&#8221;&#8221; row_type=&#8221;row&#8221; use_row_as_full_screen_section=&#8221;no&#8221; type=&#8221;grid&#8221; anchor=&#8221;portfolio&#8221; angled_section=&#8221;no&#8221; text_align=&#8221;left&#8221; background_image_as_pattern=&#8221;without_pattern&#8221; background_color=&#8221;#ffffff&#8221; padding_top=&#8221;40&#8243; padding_bottom=&#8221;0&#8243;][vc_column width=&#8221;1\/3&#8243; css=&#8221;.vc_custom_1475664100477{border-top-width: 10px !important;border-right-width: 10px !important;border-bottom-width: 10px !important;border-left-width: 10px !important;padding-bottom: 25px !important;background-color: #eaeaea !important;border-left-color: #ffffff !important;border-left-style: solid !important;border-right-color: #ffffff !important;border-right-style: solid !important;border-top-color: #ffffff !important;border-top-style: solid !important;border-bottom-color: #ffffff !important;border-bottom-style: solid !important;}&#8221;][vc_single_image image=&#8221;20593&#8243; img_size=&#8221;full&#8221; alignment=&#8221;center&#8221; qode_css_animation=&#8221;element_from_fade&#8221; transition_delay=&#8221;0.4&#8243; css=&#8221;.vc_custom_1478081801505{padding-top: 20px !important;padding-bottom: 50px !important;}&#8221;][vc_column_text]<\/p>\n<h1><strong><span class=\"alignnone\" style=\"color: #cc8b3f;\"><img decoding=\"async\" class=\"alignnone wp-image-18966\" src=\"https:\/\/www.adcor.org\/wp-content\/uploads\/comillas-naranja21.png\" alt=\"comillas naranja21\" width=\"35\" height=\"35\" \/>\u00a02008<\/span><\/strong><\/h1>\n<p>[\/vc_column_text][vc_column_text css=&#8221;.vc_custom_1626076835161{margin-left: 50px !important;padding-right: 50px !important;}&#8221;]<\/p>\n<p style=\"text-align: left;\">Cesi\u00f3n por parte do Concello da Coru\u00f1a dun terreo para a construci\u00f3n da residencia.<\/p>\n<p>[\/vc_column_text][vc_separator type=&#8221;transparent&#8221; up=&#8221;10&#8243; down=&#8221;0&#8243;][\/vc_column][vc_column width=&#8221;1\/3&#8243; css=&#8221;.vc_custom_1475664110829{border-top-width: 10px !important;border-right-width: 10px !important;border-bottom-width: 10px !important;border-left-width: 10px !important;background-color: #eaeaea !important;border-left-color: #ffffff !important;border-left-style: solid !important;border-right-color: #ffffff !important;border-right-style: solid !important;border-top-color: #ffffff !important;border-top-style: solid !important;border-bottom-color: #ffffff !important;border-bottom-style: solid !important;}&#8221;][vc_separator type=&#8221;transparent&#8221; up=&#8221;20&#8243; down=&#8221;0&#8243;][vc_column_text]<\/p>\n<h1><strong><span style=\"color: #cc8b3f;\"><img decoding=\"async\" class=\"alignnone wp-image-18966\" src=\"https:\/\/www.adcor.org\/wp-content\/uploads\/comillas-naranja21.png\" alt=\"comillas naranja21\" width=\"35\" height=\"35\" \/>\u00a02009<\/span><\/strong><\/h1>\n<p>[\/vc_column_text][vc_column_text css=&#8221;.vc_custom_1626076846938{margin-left: 50px !important;}&#8221;]Inicio construcci\u00f3n da residencia.<\/p>\n<p>&nbsp;<\/p>\n<p>Premio Luis Tilve ao Traballo Digno.[\/vc_column_text][vc_single_image image=&#8221;19013&#8243; img_size=&#8221;full&#8221; alignment=&#8221;center&#8221; qode_css_animation=&#8221;element_from_fade&#8221; transition_delay=&#8221;0.4&#8243; css=&#8221;.vc_custom_1593420153832{padding-top: 70px !important;padding-bottom: 15px !important;}&#8221;][\/vc_column][vc_column width=&#8221;1\/3&#8243; css=&#8221;.vc_custom_1475664125173{border-top-width: 10px !important;border-right-width: 10px !important;border-bottom-width: 10px !important;border-left-width: 10px !important;padding-bottom: 25px !important;background-color: #eaeaea !important;border-left-color: #ffffff !important;border-left-style: solid !important;border-right-color: #ffffff !important;border-right-style: solid !important;border-top-color: #ffffff !important;border-top-style: solid !important;border-bottom-color: #ffffff !important;border-bottom-style: solid !important;}&#8221;][vc_single_image image=&#8221;19014&#8243; img_size=&#8221;full&#8221; alignment=&#8221;center&#8221; qode_css_animation=&#8221;element_from_fade&#8221; transition_delay=&#8221;0.4&#8243; css=&#8221;.vc_custom_1473845807541{padding-top: 20px !important;padding-bottom: 50px !important;}&#8221;][vc_column_text]<\/p>\n<h1><strong><span class=\"alignnone\" style=\"color: #cc8b3f;\"><img decoding=\"async\" class=\"alignnone wp-image-18966\" src=\"https:\/\/www.adcor.org\/wp-content\/uploads\/comillas-naranja21.png\" alt=\"comillas naranja21\" width=\"35\" height=\"35\" \/>\u00a02011<\/span><\/strong><\/h1>\n<p>[\/vc_column_text][vc_column_text css=&#8221;.vc_custom_1626076854336{margin-left: 50px !important;padding-right: 50px !important;}&#8221;]<\/p>\n<p style=\"text-align: left;\">Inicio dunha nova \u00e1rea de negocio no CEE: Servizo de catering aos Centros Ocupacionais.<\/p>\n<p>[\/vc_column_text][vc_separator type=&#8221;transparent&#8221; up=&#8221;10&#8243; down=&#8221;0&#8243;][\/vc_column][\/vc_row][vc_row css_animation=&#8221;&#8221; row_type=&#8221;row&#8221; use_row_as_full_screen_section=&#8221;no&#8221; type=&#8221;grid&#8221; anchor=&#8221;portfolio&#8221; angled_section=&#8221;no&#8221; text_align=&#8221;left&#8221; background_image_as_pattern=&#8221;without_pattern&#8221; background_color=&#8221;#ffffff&#8221; padding_top=&#8221;40&#8243; padding_bottom=&#8221;0&#8243; css=&#8221;.vc_custom_1625823243348{background-color: #ffffff !important;}&#8221;][vc_column width=&#8221;1\/3&#8243; css=&#8221;.vc_custom_1478090661427{border-top-width: 10px !important;border-right-width: 10px !important;border-bottom-width: 10px !important;border-left-width: 10px !important;background-color: #eaeaea !important;border-left-color: #ffffff !important;border-left-style: solid !important;border-right-color: #ffffff !important;border-right-style: solid !important;border-top-color: #ffffff !important;border-top-style: solid !important;border-bottom-color: #ffffff !important;border-bottom-style: solid !important;}&#8221;][vc_single_image image=&#8221;19015&#8243; img_size=&#8221;full&#8221; alignment=&#8221;center&#8221; qode_css_animation=&#8221;element_from_fade&#8221; transition_delay=&#8221;0.4&#8243; css=&#8221;.vc_custom_1473845817340{padding-top: 20px !important;padding-bottom: 50px !important;}&#8221;][vc_column_text]<\/p>\n<h1><strong><span style=\"color: #cc8b3f;\"><img decoding=\"async\" class=\"alignnone wp-image-18966\" src=\"https:\/\/www.adcor.org\/wp-content\/uploads\/comillas-naranja21.png\" alt=\"comillas naranja21\" width=\"35\" height=\"35\" \/>\u00a02012<\/span><\/strong><\/h1>\n<p>[\/vc_column_text][vc_column_text css=&#8221;.vc_custom_1626076867924{margin-left: 50px !important;padding-right: 50px !important;}&#8221;]<\/p>\n<p style=\"text-align: left;\">Apertura do Centro Residencial de Terceira Idade.<\/p>\n<p>&nbsp;<\/p>\n<p style=\"text-align: left;\">Ampliaci\u00f3n de servizos por parte de Dislabora Coru\u00f1a: lavander\u00eda, recepci\u00f3n e limpeza do centro residencial.<\/p>\n<p>[\/vc_column_text][vc_separator type=&#8221;transparent&#8221; up=&#8221;20&#8243; down=&#8221;0&#8243;][\/vc_column][vc_column width=&#8221;1\/3&#8243; css=&#8221;.vc_custom_1475664146725{border-top-width: 10px !important;border-right-width: 10px !important;border-bottom-width: 10px !important;border-left-width: 10px !important;padding-bottom: 25px !important;background-color: #eaeaea !important;background-position: center !important;background-repeat: no-repeat !important;background-size: cover !important;border-left-color: #ffffff !important;border-left-style: solid !important;border-right-color: #ffffff !important;border-right-style: solid !important;border-top-color: #ffffff !important;border-top-style: solid !important;border-bottom-color: #ffffff !important;border-bottom-style: solid !important;}&#8221;][vc_separator type=&#8221;transparent&#8221; up=&#8221;20&#8243; down=&#8221;0&#8243;][vc_column_text]<\/p>\n<h1><strong><span class=\"alignnone\" style=\"color: #cc8b3f;\"><img decoding=\"async\" class=\"alignnone wp-image-18966\" src=\"https:\/\/www.adcor.org\/wp-content\/uploads\/comillas-naranja21.png\" alt=\"comillas naranja21\" width=\"35\" height=\"35\" \/>\u00a02013<\/span><\/strong><\/h1>\n<p>[\/vc_column_text][vc_column_text css=&#8221;.vc_custom_1626076874879{margin-left: 50px !important;padding-right: 50px !important;}&#8221;]<\/p>\n<p style=\"text-align: left;\">Calendario Solidario co Deportivo de A Coru\u00f1a.<\/p>\n<p>[\/vc_column_text][vc_separator type=&#8221;transparent&#8221; up=&#8221;120&#8243; down=&#8221;0&#8243;][vc_gallery interval=&#8221;3&#8243; images=&#8221;19016,19017,19018,19019&#8243; img_size=&#8221;full&#8221; pause_on_hover=&#8221;yes&#8221;][\/vc_column][vc_column width=&#8221;1\/3&#8243; css=&#8221;.vc_custom_1475664164181{border-top-width: 10px !important;border-right-width: 10px !important;border-bottom-width: 10px !important;border-left-width: 10px !important;padding-bottom: 125px !important;background-color: #eaeaea !important;border-left-color: #ffffff !important;border-left-style: solid !important;border-right-color: #ffffff !important;border-right-style: solid !important;border-top-color: #ffffff !important;border-top-style: solid !important;border-bottom-color: #ffffff !important;border-bottom-style: solid !important;}&#8221;][vc_single_image image=&#8221;19020&#8243; img_size=&#8221;full&#8221; alignment=&#8221;center&#8221; qode_css_animation=&#8221;element_from_fade&#8221; transition_delay=&#8221;0.4&#8243; css=&#8221;.vc_custom_1473845830324{padding-top: 20px !important;padding-bottom: 50px !important;}&#8221;][vc_column_text]<\/p>\n<h1><strong><span style=\"color: #cc8b3f;\"><img decoding=\"async\" class=\"alignnone wp-image-18966\" src=\"https:\/\/www.adcor.org\/wp-content\/uploads\/comillas-naranja21.png\" alt=\"comillas naranja21\" width=\"35\" height=\"35\" \/>\u00a02014<\/span><\/strong><\/h1>\n<p>[\/vc_column_text][vc_separator type=&#8221;transparent&#8221; up=&#8221;10&#8243; down=&#8221;0&#8243;][vc_column_text css=&#8221;.vc_custom_1626076890880{margin-left: 50px !important;padding-right: 50px !important;}&#8221;]<\/p>\n<p style=\"text-align: left;\">Posta en marcha do servizo residencial para persoas con discapacidade intelectual.<\/p>\n<p>[\/vc_column_text][\/vc_column][\/vc_row][vc_row css_animation=&#8221;&#8221; row_type=&#8221;row&#8221; use_row_as_full_screen_section=&#8221;no&#8221; type=&#8221;grid&#8221; anchor=&#8221;portfolio&#8221; angled_section=&#8221;no&#8221; text_align=&#8221;left&#8221; background_image_as_pattern=&#8221;without_pattern&#8221; background_color=&#8221;#ffffff&#8221; padding_top=&#8221;40&#8243; padding_bottom=&#8221;0&#8243;][vc_column width=&#8221;1\/3&#8243; css=&#8221;.vc_custom_1626076476511{border-top-width: 10px !important;border-right-width: 10px !important;border-bottom-width: 10px !important;border-left-width: 10px !important;padding-bottom: 25px !important;background-color: #eaeaea !important;border-left-color: #ffffff !important;border-left-style: solid !important;border-right-color: #ffffff !important;border-right-style: solid !important;border-top-color: #ffffff !important;border-top-style: solid !important;border-bottom-color: #ffffff !important;border-bottom-style: solid !important;}&#8221;][vc_gallery interval=&#8221;3&#8243; images=&#8221;21320,21319,21318,21321,21322,21323&#8243; img_size=&#8221;full&#8221;][vc_column_text]<\/p>\n<h1><strong><span class=\"alignnone\" style=\"color: #cc8b3f;\"><img decoding=\"async\" class=\"alignnone wp-image-18966\" src=\"https:\/\/www.adcor.org\/wp-content\/uploads\/comillas-naranja21.png\" alt=\"comillas naranja21\" width=\"35\" height=\"35\" \/>\u00a02016<\/span><\/strong><\/h1>\n<p>[\/vc_column_text][vc_separator type=&#8221;transparent&#8221; up=&#8221;20&#8243; down=&#8221;0&#8243;][vc_single_image image=&#8221;19826&#8243; img_size=&#8221;medium&#8221; qode_css_animation=&#8221;&#8221;][vc_separator type=&#8221;transparent&#8221; up=&#8221;40&#8243; down=&#8221;0&#8243;][\/vc_column][vc_column width=&#8221;1\/3&#8243; css=&#8221;.vc_custom_1594022163648{border-top-width: 10px !important;border-right-width: 10px !important;border-bottom-width: 10px !important;border-left-width: 10px !important;padding-bottom: 25px !important;background-color: #eaeaea !important;background-position: center !important;background-repeat: no-repeat !important;background-size: cover !important;border-left-color: #ffffff !important;border-left-style: solid !important;border-right-color: #ffffff !important;border-right-style: solid !important;border-top-color: #ffffff !important;border-top-style: solid !important;border-bottom-color: #ffffff !important;border-bottom-style: solid !important;}&#8221;][vc_separator type=&#8221;transparent&#8221; up=&#8221;20&#8243; down=&#8221;0&#8243;][vc_column_text]<\/p>\n<h1><strong><span class=\"alignnone\" style=\"color: #cc8b3f;\"><img decoding=\"async\" class=\"alignnone wp-image-18966\" src=\"https:\/\/www.adcor.org\/wp-content\/uploads\/comillas-naranja21.png\" alt=\"comillas naranja21\" width=\"35\" height=\"35\" \/>\u00a02017<\/span><\/strong><\/h1>\n<p>[\/vc_column_text][vc_column_text css=&#8221;.vc_custom_1626076905807{margin-left: 50px !important;padding-right: 50px !important;}&#8221;]<\/p>\n<p style=\"text-align: left;\">Apertura do Centro de D\u00eda Terap\u00e9utico-Ocupacional.<\/p>\n<p>[\/vc_column_text][vc_single_image image=&#8221;21855&#8243; img_size=&#8221;full&#8221; alignment=&#8221;center&#8221; qode_css_animation=&#8221;element_from_fade&#8221; transition_delay=&#8221;0.4&#8243; css=&#8221;.vc_custom_1594021925109{padding-top: 70px !important;padding-bottom: 15px !important;}&#8221;][vc_separator type=&#8221;transparent&#8221; up=&#8221;100&#8243; down=&#8221;0&#8243;][\/vc_column][vc_column width=&#8221;1\/3&#8243; css=&#8221;.vc_custom_1594021547398{border-top-width: 10px !important;border-right-width: 10px !important;border-bottom-width: 10px !important;border-left-width: 10px !important;padding-bottom: 25px !important;background-color: #eaeaea !important;border-left-color: #ffffff !important;border-left-style: solid !important;border-right-color: #ffffff !important;border-right-style: solid !important;border-top-color: #ffffff !important;border-top-style: solid !important;border-bottom-color: #ffffff !important;border-bottom-style: solid !important;}&#8221;][vc_single_image image=&#8221;21886&#8243; img_size=&#8221;full&#8221; alignment=&#8221;center&#8221; qode_css_animation=&#8221;element_from_fade&#8221; transition_delay=&#8221;0.4&#8243; css=&#8221;.vc_custom_1594042962993{padding-top: 20px !important;padding-bottom: 50px !important;}&#8221;][vc_column_text]<\/p>\n<h1><strong><span style=\"color: #cc8b3f;\"><img decoding=\"async\" class=\"alignnone wp-image-18966\" src=\"https:\/\/www.adcor.org\/wp-content\/uploads\/comillas-naranja21.png\" alt=\"comillas naranja21\" width=\"35\" height=\"35\" \/>\u00a02019<\/span><\/strong><\/h1>\n<p>[\/vc_column_text][vc_column_text css=&#8221;.vc_custom_1626076912632{margin-left: 50px !important;padding-top: 20px !important;padding-right: 50px !important;padding-bottom: 15px !important;}&#8221;]<\/p>\n<p style=\"text-align: left;\">Inicio do proxecto de econom\u00eda circular DLONAS, que recibiu o Premio B- Value 2019.<\/p>\n<p>[\/vc_column_text][vc_separator type=&#8221;transparent&#8221; up=&#8221;40&#8243; down=&#8221;0&#8243;][\/vc_column][\/vc_row][vc_row css_animation=&#8221;&#8221; row_type=&#8221;row&#8221; use_row_as_full_screen_section=&#8221;no&#8221; type=&#8221;grid&#8221; anchor=&#8221;portfolio&#8221; angled_section=&#8221;no&#8221; text_align=&#8221;left&#8221; background_image_as_pattern=&#8221;without_pattern&#8221; background_color=&#8221;#ffffff&#8221; padding_top=&#8221;40&#8243; padding_bottom=&#8221;0&#8243;][vc_column width=&#8221;1\/3&#8243; css=&#8221;.vc_custom_1626076445763{border-top-width: 10px !important;border-right-width: 10px !important;border-bottom-width: 10px !important;border-left-width: 10px !important;padding-bottom: 25px !important;background-color: #eaeaea !important;border-left-color: #ffffff !important;border-left-style: solid !important;border-right-color: #ffffff !important;border-right-style: solid !important;border-top-color: #ffffff !important;border-top-style: solid !important;border-bottom-color: #ffffff !important;border-bottom-style: solid !important;}&#8221;][vc_single_image image=&#8221;22118&#8243; img_size=&#8221;full&#8221; alignment=&#8221;center&#8221; qode_css_animation=&#8221;element_from_fade&#8221; transition_delay=&#8221;0.4&#8243; css=&#8221;.vc_custom_1625724467815{padding-top: 20px !important;padding-bottom: 50px !important;}&#8221;][vc_column_text]<\/p>\n<h1><strong><span style=\"color: #cc8b3f;\"><img decoding=\"async\" class=\"alignnone wp-image-18966\" src=\"https:\/\/www.adcor.org\/wp-content\/uploads\/comillas-naranja21.png\" alt=\"comillas naranja21\" width=\"35\" height=\"35\" \/> 2020<\/span><\/strong><\/h1>\n<p>[\/vc_column_text][vc_column_text css=&#8221;.vc_custom_1626076921783{margin-left: 50px !important;padding-top: 20px !important;padding-right: 50px !important;padding-bottom: 15px !important;}&#8221;]<\/p>\n<p style=\"text-align: left;\">Un ano marcado pola pandemia do Coronavirus, no que adaptamos os nosos Centros e Servizos \u00e1 situaci\u00f3n derivada da COVID-19.<\/p>\n<p>[\/vc_column_text][vc_separator type=&#8221;transparent&#8221; up=&#8221;40&#8243; down=&#8221;0&#8243;][\/vc_column][vc_column width=&#8221;1\/3&#8243; css=&#8221;.vc_custom_1594021415309{border-top-width: 10px !important;border-right-width: 10px !important;border-bottom-width: 10px !important;border-left-width: 10px !important;background-color: #eaeaea !important;border-left-color: #ffffff !important;border-left-style: solid !important;border-right-color: #ffffff !important;border-right-style: solid !important;border-top-color: #ffffff !important;border-top-style: solid !important;border-bottom-color: #ffffff !important;border-bottom-style: solid !important;}&#8221;][vc_column_text]<\/p>\n<h1><strong><span class=\"alignnone\" style=\"color: #cc8b3f;\"><img decoding=\"async\" class=\"alignnone wp-image-18966\" src=\"https:\/\/www.adcor.org\/wp-content\/uploads\/comillas-naranja21.png\" alt=\"comillas naranja21\" width=\"35\" height=\"35\" \/> 2021<\/span><\/strong><\/h1>\n<p>[\/vc_column_text][vc_separator type=&#8221;transparent&#8221; up=&#8221;20&#8243; down=&#8221;0&#8243;][vc_single_image image=&#8221;22119&#8243; img_size=&#8221;full&#8221; alignment=&#8221;center&#8221; qode_css_animation=&#8221;element_from_fade&#8221; transition_delay=&#8221;0.4&#8243; css=&#8221;.vc_custom_1625724531687{padding-top: 20px !important;padding-bottom: 50px !important;}&#8221;][vc_separator type=&#8221;transparent&#8221; up=&#8221;20&#8243; down=&#8221;0&#8243;][\/vc_column][vc_column width=&#8221;1\/3&#8243; css=&#8221;.vc_custom_1625657305515{border-top-width: 10px !important;border-right-width: 10px !important;border-bottom-width: 10px !important;border-left-width: 10px !important;padding-bottom: 25px !important;background-color: #ffffff !important;background-position: center !important;background-repeat: no-repeat !important;background-size: cover !important;border-left-color: #ffffff !important;border-left-style: solid !important;border-right-color: #ffffff !important;border-right-style: solid !important;border-top-color: #ffffff !important;border-top-style: solid !important;border-bottom-color: #ffffff !important;border-bottom-style: solid !important;}&#8221;][\/vc_column][\/vc_row]<\/p>","protected":false},"excerpt":{"rendered":"<p>[vc_row css_animation=&#8221;&#8221; row_type=&#8221;row&#8221; use_row_as_full_screen_section=&#8221;no&#8221; type=&#8221;full_width&#8221; angled_section=&#8221;no&#8221; text_align=&#8221;left&#8221; background_image_as_pattern=&#8221;without_pattern&#8221;][vc_column][vc_empty_space height=&#8221;50px&#8221;][vc_row_inner row_type=&#8221;row&#8221; type=&#8221;grid&#8221; text_align=&#8221;left&#8221; css_animation=&#8221;&#8221;][vc_column_inner width=&#8221;1\/2&#8243;][vc_column_text] HISTORIA DA ENTIDADE: Cronograma [\/vc_column_text][vc_separator type=&#8221;transparent&#8221; up=&#8221;30&#8243; down=&#8221;0&#8243;][\/vc_column_inner][\/vc_row_inner][\/vc_column][\/vc_row][vc_row css_animation=&#8221;&#8221; row_type=&#8221;row&#8221; use_row_as_full_screen_section=&#8221;no&#8221; type=&#8221;grid&#8221; anchor=&#8221;portfolio&#8221; angled_section=&#8221;no&#8221; text_align=&#8221;left&#8221; background_image_as_pattern=&#8221;without_pattern&#8221; background_color=&#8221;#ffffff&#8221; padding_top=&#8221;40&#8243; padding_bottom=&#8221;0&#8243;][vc_column width=&#8221;1\/3&#8243; css=&#8221;.vc_custom_1475664018114{border-top-width: 10px !important;border-right-width: 10px !important;border-bottom-width: 10px !important;border-left-width: 10px !important;padding-bottom: 10px !important;background-color:&#8230;<\/p>\n","protected":false},"author":2,"featured_media":0,"parent":0,"menu_order":0,"comment_status":"open","ping_status":"closed","template":"","meta":{"_monsterinsights_skip_tracking":false,"_monsterinsights_sitenote_active":false,"_monsterinsights_sitenote_note":"","_monsterinsights_sitenote_category":0},"yoast_head":"<!-- This site is optimized with the Yoast SEO plugin v18.0 - https:\/\/yoast.com\/wordpress\/plugins\/seo\/ -->\n<meta name=\"robots\" content=\"index, follow, max-snippet:-1, max-image-preview:large, max-video-preview:-1\" \/>\n<link rel=\"canonical\" href=\"https:\/\/www.adcor.org\/historia-de-la-entidad-2\/\" \/>\n<meta property=\"og:locale\" content=\"gl_ES\" \/>\n<meta property=\"og:type\" content=\"article\" \/>\n<meta property=\"og:title\" content=\"[:es]HISTORIA DE LA ENTIDAD[:gl]HISTORIA DA ENTIDADE[:] - ADCOR\" \/>\n<meta property=\"og:description\" content=\"[vc_row css_animation=&#8221;&#8221; row_type=&#8221;row&#8221; use_row_as_full_screen_section=&#8221;no&#8221; type=&#8221;full_width&#8221; angled_section=&#8221;no&#8221; text_align=&#8221;left&#8221; background_image_as_pattern=&#8221;without_pattern&#8221;][vc_column][vc_empty_space height=&#8221;50px&#8221;][vc_row_inner row_type=&#8221;row&#8221; type=&#8221;grid&#8221; text_align=&#8221;left&#8221; css_animation=&#8221;&#8221;][vc_column_inner width=&#8221;1\/2&#8243;][vc_column_text] HISTORIA DA ENTIDADE: Cronograma [\/vc_column_text][vc_separator type=&#8221;transparent&#8221; up=&#8221;30&#8243; down=&#8221;0&#8243;][\/vc_column_inner][\/vc_row_inner][\/vc_column][\/vc_row][vc_row css_animation=&#8221;&#8221; row_type=&#8221;row&#8221; use_row_as_full_screen_section=&#8221;no&#8221; type=&#8221;grid&#8221; anchor=&#8221;portfolio&#8221; angled_section=&#8221;no&#8221; text_align=&#8221;left&#8221; background_image_as_pattern=&#8221;without_pattern&#8221; background_color=&#8221;#ffffff&#8221; padding_top=&#8221;40&#8243; padding_bottom=&#8221;0&#8243;][vc_column width=&#8221;1\/3&#8243; css=&#8221;.vc_custom_1475664018114{border-top-width: 10px !important;border-right-width: 10px !important;border-bottom-width: 10px !important;border-left-width: 10px !important;padding-bottom: 10px !important;background-color:...\" \/>\n<meta property=\"og:url\" content=\"https:\/\/www.adcor.org\/historia-de-la-entidad-2\/\" \/>\n<meta property=\"og:site_name\" content=\"ADCOR\" \/>\n<meta property=\"article:modified_time\" content=\"2021-07-12T08:21:55+00:00\" \/>\n<meta property=\"og:image\" content=\"https:\/\/www.adcor.org\/wp-content\/uploads\/comillas-naranja21.png\" \/>\n<meta name=\"twitter:card\" content=\"summary_large_image\" \/>\n<meta name=\"twitter:label1\" content=\"Tempo de lectura\" \/>\n\t<meta name=\"twitter:data1\" content=\"24 minutos\" \/>\n<script type=\"application\/ld+json\" class=\"yoast-schema-graph\">{\"@context\":\"https:\/\/schema.org\",\"@graph\":[{\"@type\":\"WebSite\",\"@id\":\"https:\/\/www.adcor.org\/#website\",\"url\":\"https:\/\/www.adcor.org\/\",\"name\":\"ADCOR\",\"description\":\"Fundaci\u00f3n ADCOR\",\"potentialAction\":[{\"@type\":\"SearchAction\",\"target\":{\"@type\":\"EntryPoint\",\"urlTemplate\":\"https:\/\/www.adcor.org\/?s={search_term_string}\"},\"query-input\":\"required name=search_term_string\"}],\"inLanguage\":\"gl-ES\"},{\"@type\":\"ImageObject\",\"@id\":\"https:\/\/www.adcor.org\/historia-de-la-entidad-2\/#primaryimage\",\"inLanguage\":\"gl-ES\",\"url\":\"https:\/\/www.adcor.org\/wp-content\/uploads\/comillas-naranja21.png\",\"contentUrl\":\"https:\/\/www.adcor.org\/wp-content\/uploads\/comillas-naranja21.png\",\"width\":79,\"height\":79},{\"@type\":\"WebPage\",\"@id\":\"https:\/\/www.adcor.org\/historia-de-la-entidad-2\/#webpage\",\"url\":\"https:\/\/www.adcor.org\/historia-de-la-entidad-2\/\",\"name\":\"[:es]HISTORIA DE LA ENTIDAD[:gl]HISTORIA DA ENTIDADE[:] - ADCOR\",\"isPartOf\":{\"@id\":\"https:\/\/www.adcor.org\/#website\"},\"primaryImageOfPage\":{\"@id\":\"https:\/\/www.adcor.org\/historia-de-la-entidad-2\/#primaryimage\"},\"datePublished\":\"2020-07-06T09:12:51+00:00\",\"dateModified\":\"2021-07-12T08:21:55+00:00\",\"breadcrumb\":{\"@id\":\"https:\/\/www.adcor.org\/historia-de-la-entidad-2\/#breadcrumb\"},\"inLanguage\":\"gl-ES\",\"potentialAction\":[{\"@type\":\"ReadAction\",\"target\":[\"https:\/\/www.adcor.org\/historia-de-la-entidad-2\/\"]}]},{\"@type\":\"BreadcrumbList\",\"@id\":\"https:\/\/www.adcor.org\/historia-de-la-entidad-2\/#breadcrumb\",\"itemListElement\":[{\"@type\":\"ListItem\",\"position\":1,\"name\":\"Portada\",\"item\":\"https:\/\/www.adcor.org\/\"},{\"@type\":\"ListItem\",\"position\":2,\"name\":\"HISTORIA DE LA ENTIDAD\"}]}]}<\/script>\n<!-- \/ Yoast SEO plugin. -->","yoast_head_json":{"robots":{"index":"index","follow":"follow","max-snippet":"max-snippet:-1","max-image-preview":"max-image-preview:large","max-video-preview":"max-video-preview:-1"},"canonical":"https:\/\/www.adcor.org\/historia-de-la-entidad-2\/","og_locale":"gl_ES","og_type":"article","og_title":"[:es]HISTORIA DE LA ENTIDAD[:gl]HISTORIA DA ENTIDADE[:] - ADCOR","og_description":"[vc_row css_animation=&#8221;&#8221; row_type=&#8221;row&#8221; use_row_as_full_screen_section=&#8221;no&#8221; type=&#8221;full_width&#8221; angled_section=&#8221;no&#8221; text_align=&#8221;left&#8221; background_image_as_pattern=&#8221;without_pattern&#8221;][vc_column][vc_empty_space height=&#8221;50px&#8221;][vc_row_inner row_type=&#8221;row&#8221; type=&#8221;grid&#8221; text_align=&#8221;left&#8221; css_animation=&#8221;&#8221;][vc_column_inner width=&#8221;1\/2&#8243;][vc_column_text] HISTORIA DA ENTIDADE: Cronograma [\/vc_column_text][vc_separator type=&#8221;transparent&#8221; up=&#8221;30&#8243; down=&#8221;0&#8243;][\/vc_column_inner][\/vc_row_inner][\/vc_column][\/vc_row][vc_row css_animation=&#8221;&#8221; row_type=&#8221;row&#8221; use_row_as_full_screen_section=&#8221;no&#8221; type=&#8221;grid&#8221; anchor=&#8221;portfolio&#8221; angled_section=&#8221;no&#8221; text_align=&#8221;left&#8221; background_image_as_pattern=&#8221;without_pattern&#8221; background_color=&#8221;#ffffff&#8221; padding_top=&#8221;40&#8243; padding_bottom=&#8221;0&#8243;][vc_column width=&#8221;1\/3&#8243; css=&#8221;.vc_custom_1475664018114{border-top-width: 10px !important;border-right-width: 10px !important;border-bottom-width: 10px !important;border-left-width: 10px !important;padding-bottom: 10px !important;background-color:...","og_url":"https:\/\/www.adcor.org\/historia-de-la-entidad-2\/","og_site_name":"ADCOR","article_modified_time":"2021-07-12T08:21:55+00:00","og_image":[{"url":"https:\/\/www.adcor.org\/wp-content\/uploads\/comillas-naranja21.png"}],"twitter_card":"summary_large_image","twitter_misc":{"Tempo de lectura":"24 minutos"},"schema":{"@context":"https:\/\/schema.org","@graph":[{"@type":"WebSite","@id":"https:\/\/www.adcor.org\/#website","url":"https:\/\/www.adcor.org\/","name":"ADCOR","description":"Fundaci\u00f3n ADCOR","potentialAction":[{"@type":"SearchAction","target":{"@type":"EntryPoint","urlTemplate":"https:\/\/www.adcor.org\/?s={search_term_string}"},"query-input":"required name=search_term_string"}],"inLanguage":"gl-ES"},{"@type":"ImageObject","@id":"https:\/\/www.adcor.org\/historia-de-la-entidad-2\/#primaryimage","inLanguage":"gl-ES","url":"https:\/\/www.adcor.org\/wp-content\/uploads\/comillas-naranja21.png","contentUrl":"https:\/\/www.adcor.org\/wp-content\/uploads\/comillas-naranja21.png","width":79,"height":79},{"@type":"WebPage","@id":"https:\/\/www.adcor.org\/historia-de-la-entidad-2\/#webpage","url":"https:\/\/www.adcor.org\/historia-de-la-entidad-2\/","name":"[:es]HISTORIA DE LA ENTIDAD[:gl]HISTORIA DA ENTIDADE[:] - ADCOR","isPartOf":{"@id":"https:\/\/www.adcor.org\/#website"},"primaryImageOfPage":{"@id":"https:\/\/www.adcor.org\/historia-de-la-entidad-2\/#primaryimage"},"datePublished":"2020-07-06T09:12:51+00:00","dateModified":"2021-07-12T08:21:55+00:00","breadcrumb":{"@id":"https:\/\/www.adcor.org\/historia-de-la-entidad-2\/#breadcrumb"},"inLanguage":"gl-ES","potentialAction":[{"@type":"ReadAction","target":["https:\/\/www.adcor.org\/historia-de-la-entidad-2\/"]}]},{"@type":"BreadcrumbList","@id":"https:\/\/www.adcor.org\/historia-de-la-entidad-2\/#breadcrumb","itemListElement":[{"@type":"ListItem","position":1,"name":"Portada","item":"https:\/\/www.adcor.org\/"},{"@type":"ListItem","position":2,"name":"HISTORIA DE LA ENTIDAD"}]}]}},"_links":{"self":[{"href":"https:\/\/www.adcor.org\/gl\/wp-json\/wp\/v2\/pages\/21841"}],"collection":[{"href":"https:\/\/www.adcor.org\/gl\/wp-json\/wp\/v2\/pages"}],"about":[{"href":"https:\/\/www.adcor.org\/gl\/wp-json\/wp\/v2\/types\/page"}],"author":[{"embeddable":true,"href":"https:\/\/www.adcor.org\/gl\/wp-json\/wp\/v2\/users\/2"}],"replies":[{"embeddable":true,"href":"https:\/\/www.adcor.org\/gl\/wp-json\/wp\/v2\/comments?post=21841"}],"version-history":[{"count":22,"href":"https:\/\/www.adcor.org\/gl\/wp-json\/wp\/v2\/pages\/21841\/revisions"}],"predecessor-version":[{"id":22196,"href":"https:\/\/www.adcor.org\/gl\/wp-json\/wp\/v2\/pages\/21841\/revisions\/22196"}],"wp:attachment":[{"href":"https:\/\/www.adcor.org\/gl\/wp-json\/wp\/v2\/media?parent=21841"}],"curies":[{"name":"wp","href":"https:\/\/api.w.org\/{rel}","templated":true}]}}